{"id":20495,"date":"2019-05-16T08:43:46","date_gmt":"2019-05-16T08:43:46","guid":{"rendered":"https:\/\/caterna.de\/polityka-prywatnosci\/"},"modified":"2019-05-16T08:43:47","modified_gmt":"2019-05-16T08:43:47","slug":"polityka-prywatnosci","status":"publish","type":"page","link":"https:\/\/caterna.de\/pl\/polityka-prywatnosci\/","title":{"rendered":"Polityka Prywatno\u015bci"},"content":{"rendered":"<p><div class=\"fusion-fullwidth fullwidth-box fusion-builder-row-1 nonhundred-percent-fullwidth non-hundred-percent-height-scrolling\" style=\"--awb-border-radius-top-left:0px;--awb-border-radius-top-right:0px;--awb-border-radius-bottom-right:0px;--awb-border-radius-bottom-left:0px;--awb-flex-wrap:wrap;\" ><div class=\"fusion-builder-row fusion-row\"><div class=\"fusion-layout-column fusion_builder_column fusion-builder-column-0 fusion_builder_column_1_1 1_1 fusion-one-full fusion-column-first fusion-column-last\" style=\"--awb-bg-size:cover;\"><div class=\"fusion-column-wrapper fusion-flex-column-wrapper-legacy\"><div class=\"fusion-title title fusion-title-1 fusion-sep-none fusion-title-center fusion-title-text fusion-title-size-one\" style=\"--awb-margin-bottom:60px;\"><h1 class=\"fusion-title-heading title-heading-center fusion-responsive-typography-calculated\" style=\"margin:0;--fontSize:60;line-height:1.45;\"><h1 style=\"text-align: center;\">Polityka Prywatno\u015bci<\/h1><\/h1><\/div><div class=\"fusion-clearfix\"><\/div><\/div><\/div><\/div><\/div><div class=\"fusion-fullwidth fullwidth-box fusion-builder-row-2 nonhundred-percent-fullwidth non-hundred-percent-height-scrolling\" style=\"--awb-border-radius-top-left:0px;--awb-border-radius-top-right:0px;--awb-border-radius-bottom-right:0px;--awb-border-radius-bottom-left:0px;--awb-flex-wrap:wrap;\" ><div class=\"fusion-builder-row fusion-row\"><div class=\"fusion-layout-column fusion_builder_column fusion-builder-column-1 fusion_builder_column_1_1 1_1 fusion-one-full fusion-column-first fusion-column-last\" style=\"--awb-bg-size:cover;\"><div class=\"fusion-column-wrapper fusion-flex-column-wrapper-legacy\"><div class=\"fusion-text fusion-text-1\"><p>Przywi\u0105zujemy du\u017c\u0105 wag\u0119 do ochrony Pa\u0144stwa danych i ochrony Pa\u0144stwa prywatno\u015bci. Niniejsze o\u015bwiadczenie opisuje, w jaki spos\u00f3b i w jakim celu Pa\u0144stwa dane s\u0105 gromadzone i wykorzystywane oraz jakie s\u0105 Pa\u0144stwa wybory w zwi\u0105zku z danymi osobowymi.<\/p>\n<p>Czym s\u0105 dane osobowe? Termin ten zosta\u0142 zdefiniowany w ustawie federalnej o ochronie danych osobowych (BDSG) oraz w rozporz\u0105dzeniu UE w sprawie podstawowej ochrony danych osobowych (DSGVO). W zwi\u0105zku z tym s\u0105 to dane, kt\u00f3re mog\u0105 by\u0107 przypisane do konkretnej lub mo\u017cliwej do zidentyfikowania osoby i kt\u00f3re zapewniaj\u0105 wgl\u0105d w jej fizyczn\u0105, fizjologiczn\u0105, ekonomiczn\u0105, kulturow\u0105 lub spo\u0142eczn\u0105 to\u017csamo\u015b\u0107 (art. 4 nr 1 DSGVO). Obejmuje to na przyk\u0142ad imi\u0119 i nazwisko, dat\u0119 urodzenia, dane zdrowotne, adres, numer telefonu, adres e-mail lub dane online, takie jak adres IP.<\/p>\n<p>Gromadzenie i przetwarzanie Pa\u0144stwa danych osobowych odbywa si\u0119 zgodnie z obowi\u0105zuj\u0105cymi przepisami o ochronie danych, w szczeg\u00f3lno\u015bci z podstawowym rozporz\u0105dzeniem UE o ochronie danych osobowych (DSGVO). Gromadzimy i przetwarzamy Pa\u0144stwa dane osobowe, aby m\u00f3c zaoferowa\u0107 Pa\u0144stwu wy\u017cej wymieniony portal. Korzystaj\u0105c z tej strony internetowej, wyra\u017caj\u0105 Pa\u0144stwo zgod\u0119 na gromadzenie, wykorzystywanie i przekazywanie danych zgodnie z niniejsz\u0105 polityk\u0105 prywatno\u015bci.<\/p>\n<p>Poni\u017csza polityka prywatno\u015bci ma zastosowanie do korzystania z serwisu internetowego www.caterna.de (zwanego dalej &#8222;Serwisem&#8221;).<\/p>\n<h3>1. Organ odpowiedzialny<\/h3>\n<p>Organem odpowiedzialnym za gromadzenie, przetwarzanie i wykorzystywanie danych osobowych w rozumieniu DSGVO jest<\/p>\n<p>Caterna Vision GmbH<br \/>\nDavid Gilly Stra\u00dfe 1<br \/>\n14469 Poczdam<\/p>\n<p>Je\u015bli chc\u0105 Pa\u0144stwo sprzeciwi\u0107 si\u0119 gromadzeniu, przetwarzaniu lub wykorzystywaniu Pa\u0144stwa danych przez nas zgodnie z niniejszymi przepisami o ochronie danych osobowych w ca\u0142o\u015bci lub w odniesieniu do poszczeg\u00f3lnych \u015brodk\u00f3w, mog\u0105 Pa\u0144stwo skierowa\u0107 sw\u00f3j sprzeciw do wy\u017cej wymienionego w\u0142a\u015bciwego organu. Mo\u017cesz zapisa\u0107 i wydrukowa\u0107 t\u0119 polityk\u0119 prywatno\u015bci w dowolnym momencie.<\/p>\n<h3>2. og\u00f3lne wykorzystanie strony internetowej<\/h3>\n<h4>2.1 Dost\u0119p do danych (pliki dziennika serwera)<\/h4>\n<p>Kiedy korzystasz z naszej strony internetowej, automatycznie zbierane s\u0105 og\u00f3lne informacje o Twoim korzystaniu i interakcji z nami. Informacje te (tzw. dane dost\u0119powe lub pliki dziennika serwera) obejmuj\u0105 nazw\u0119 i adres URL pobranego pliku, dat\u0119 i godzin\u0119 pobrania, ilo\u015b\u0107 przes\u0142anych danych, powiadomienie o udanym pobraniu (kod odpowiedzi HTTP), typ przegl\u0105darki i wersj\u0119 przegl\u0105darki, system operacyjny, adres URL odsy\u0142acza (tj. poprzednio odwiedzana strona), adres IP i wnioskuj\u0105cego dostawcy.<\/p>\n<p>Nie wykorzystujemy tych og\u00f3lnych danych logowania do wyci\u0105gania wniosk\u00f3w na temat Twojej osoby. Celem rejestracji plik\u00f3w dziennika serwera jest mi\u0119dzy innymi ocena statystyczna w celu dzia\u0142ania, bezpiecze\u0144stwa i optymalizacji naszych us\u0142ug online, ale tak\u017ce anonimowe rejestrowanie liczby odwiedzaj\u0105cych nasz\u0105 stron\u0119 internetow\u0105 (ruchu) oraz zakresu i rodzaju korzystania z naszej strony internetowej i us\u0142ug. Na podstawie tych informacji mo\u017cemy udost\u0119pnia\u0107 spersonalizowane i zwi\u0105zane z lokalizacj\u0105 tre\u015bci, analizowa\u0107 ruch danych, wyszukiwa\u0107 i korygowa\u0107 b\u0142\u0119dy oraz ulepsza\u0107 nasze us\u0142ugi. Zastrzegamy sobie prawo do p\u00f3\u017aniejszego sprawdzenia danych z dziennika, je\u015bli istnieje uzasadnione podejrzenie nielegalnego wykorzystania na podstawie konkretnych wskaza\u0144. Adresy IP przechowujemy w plikach dziennika przez okre\u015blony czas, je\u015bli jest to konieczne ze wzgl\u0119d\u00f3w bezpiecze\u0144stwa lub w celu \u015bwiadczenia lub rozliczania us\u0142ugi, np. je\u015bli korzystasz z jednej z naszych us\u0142ug.<\/p>\n<h4>2.2 Cookies<\/h4>\n<p>Nasza strona internetowa u\u017cywa tak zwanych &#8222;cookies&#8221;. Cookies to ma\u0142e pliki tekstowe, kt\u00f3re s\u0105 przechowywane w systemie komputerowym u\u017cytkownika i umo\u017cliwiaj\u0105 przechowywanie pewnych informacji na temat jego sposobu u\u017cytkowania. Obejmuj\u0105 one dane takie jak adres IP, u\u017cywana przegl\u0105darka i system operacyjny. Dzi\u0119ki tym plikom cookie mo\u017cemy u\u0142atwi\u0107 Pa\u0144stwu poruszanie si\u0119 po stronie internetowej, zwi\u0119kszy\u0107 jej przyjazno\u015b\u0107 dla u\u017cytkownika oraz zapewni\u0107 optymalne i p\u0142ynne dzia\u0142anie naszej strony internetowej. Niekt\u00f3re z tych plik\u00f3w cookie to tak zwane &#8222;pliki cookie sesji&#8221;, kt\u00f3re s\u0105 usuwane po sesji przegl\u0105darki. Inne pozostaj\u0105 w Twoim systemie i pozwalaj\u0105 nam rozpozna\u0107 Ci\u0119 przy nast\u0119pnej wizycie na naszej stronie internetowej.<\/p>\n<p>Oczywi\u015bcie w ka\u017cdej chwili mo\u017cesz odm\u00f3wi\u0107 przyj\u0119cia plik\u00f3w cookie. Je\u015bli chcesz korzysta\u0107 z naszych lub innych stron internetowych bez plik\u00f3w cookie, mo\u017cesz r\u00f3wnie\u017c ustawi\u0107 swoj\u0105 przegl\u0105dark\u0119 internetow\u0105 (Google Chrome, Mozilla Firefox, Internet Explorer lub podobne) tak, aby nie akceptowa\u0142a plik\u00f3w cookie. Jak to dzia\u0142a, dowiesz si\u0119 w instrukcji obs\u0142ugi swojej przegl\u0105darki.<\/p>\n<h4>2.3 Google Analytics<\/h4>\n<p>Korzystamy z Google Analytics, us\u0142ugi analizy internetowej \u015bwiadczonej przez Google Inc. (&#8222;Google&#8221;). Google Analytics u\u017cywa &#8222;cookies&#8221;, czyli plik\u00f3w tekstowych umieszczanych na Twoim komputerze, aby pom\u00f3c witrynie przeanalizowa\u0107 spos\u00f3b, w jaki u\u017cytkownicy korzystaj\u0105 z witryny. Informacje generowane przez plik cookie na temat korzystania z tej strony internetowej przez osoby odwiedzaj\u0105ce stron\u0119 internetow\u0105 s\u0105 z regu\u0142y przesy\u0142ane na serwer Google w USA i tam przechowywane.<\/p>\n<p>Jednak w przypadku aktywacji anonimizacji IP na tej stronie internetowej, Pa\u0144stwa adres IP zostanie wcze\u015bniej skr\u00f3cony przez Google w pa\u0144stwach cz\u0142onkowskich Unii Europejskiej lub w innych pa\u0144stwach b\u0119d\u0105cych sygnatariuszami Porozumienia o Europejskim Obszarze Gospodarczym. Tylko w wyj\u0105tkowych przypadkach pe\u0142ny adres IP zostanie przes\u0142any na serwer Google w USA, gdzie zostanie skr\u00f3cony. Anonimizacja IP jest aktywna na tej stronie internetowej. Google b\u0119dzie korzysta\u0142a z tych informacji w naszym imieniu w celu oceny korzystania z witryny przez u\u017cytkownika, sporz\u0105dzania raport\u00f3w dotycz\u0105cych aktywno\u015bci na stronie internetowej oraz \u015bwiadczenia nam innych us\u0142ug zwi\u0105zanych z aktywno\u015bci\u0105 na stronie internetowej i korzystaniem z Internetu. W tym celu zawarli\u015bmy z Google umow\u0119 o przetwarzanie danych dotycz\u0105cych zam\u00f3wie\u0144.<\/p>\n<p>Adres IP przekazywany przez przegl\u0105dark\u0119 u\u017cytkownika w ramach Google Analytics nie jest \u0142\u0105czony z innymi danymi Google.<\/p>\n<p>Szczeg\u00f3\u0142y dotycz\u0105ce przetwarzania danych u\u017cytkownika przez Google Analytics mo\u017cna znale\u017a\u0107 w polityce prywatno\u015bci Google: https:\/\/support.google.com\/analytics\/answer\/6004245?hl=en.<\/p>\n<p>U\u017cytkownik mo\u017ce zrezygnowa\u0107 z cookies wybieraj\u0105c odpowiednie ustawienia w przegl\u0105darce, jednak nale\u017cy pami\u0119ta\u0107, \u017ce w takim przypadku korzystanie z pe\u0142nej funkcjonalno\u015bci tej strony internetowej mo\u017ce okaza\u0107 si\u0119 niemo\u017cliwe. Mo\u017cna r\u00f3wnie\u017c uniemo\u017cliwi\u0107 pobieranie przez Google danych generowanych przez plik cookie i zwi\u0105zanych z korzystaniem z witryny internetowej (\u0142\u0105cznie z adresem IP u\u017cytkownika) oraz przetwarzanie tych danych przez Google poprzez pobranie i zainstalowanie wtyczki do przegl\u0105darki dost\u0119pnej pod nast\u0119puj\u0105cym linkiem: http:\/\/tools.google.com\/dlpage\/gaoptout?hl=pl.<\/p>\n<p>Alternatywnie do wtyczki do przegl\u0105darki lub w przegl\u0105darkach na urz\u0105dzeniach przeno\u015bnych, mo\u017cna klikn\u0105\u0107 na poni\u017cszy link, aby ustawi\u0107 opt-out cookie, kt\u00f3ry uniemo\u017cliwi Google Analytics zbieranie tych danych na tej stronie w przysz\u0142o\u015bci (ten opt-out cookie dzia\u0142a tylko w tej przegl\u0105darce i tylko dla tej domeny). Je\u015bli usuniesz pliki cookie w swojej przegl\u0105darce, musisz ponownie klikn\u0105\u0107 ten link): Dezaktywuj Google Analytics<\/p>\n<p>Pliki cookie Google Analytics s\u0105 ustawiane na podstawie art. 6 ust. 1 lit. f DSGVO. Jako operator tej strony internetowej mamy uzasadniony interes w analizowaniu zachowa\u0144 u\u017cytkownik\u00f3w w celu optymalizacji naszej strony internetowej i, w razie potrzeby, reklamy.<\/p>\n<h4>2.4 Google TagManager<\/h4>\n<p>W trosce o przejrzysto\u015b\u0107 chcieliby\u015bmy zwr\u00f3ci\u0107 uwag\u0119, \u017ce korzystamy z Google Tag Manager. Sam mened\u017cer tag\u00f3w Google nie gromadzi \u017cadnych danych osobowych. Tag Manager u\u0142atwia nam integracj\u0119 i zarz\u0105dzanie naszymi tagami. Tagi s\u0105 ma\u0142ymi kawa\u0142kami kodu u\u017cywanymi m.in. do pomiaru ruchu i zachowa\u0144 odwiedzaj\u0105cych, uchwycenia wp\u0142ywu reklamy online i kana\u0142\u00f3w spo\u0142ecznych, utworzenia remarketingu i targetowania oraz testowania i optymalizacji stron internetowych. U\u017cywamy tylko Google Analytics i DoubleClick. Je\u015bli u\u017cytkownik zrezygnowa\u0142 z tej opcji, Google Tag Manager we\u017amie j\u0105 pod uwag\u0119. Wi\u0119cej informacji na temat Google Tag Manager mo\u017cna znale\u017a\u0107 na stronie: https:\/\/www.google.com\/intl\/de\/tagmanager\/use-policy.html<\/p>\n<h4>2.5 AdWords Google<\/h4>\n<p>Aby zwr\u00f3ci\u0107 uwag\u0119 na nasze us\u0142ugi, zamieszczamy reklamy na Google AdWords. S\u0105 one wy\u015bwietlane w Google po wyszukiwaniu zapyta\u0144. W obszarze naszych formularzy kontaktowych, pliki cookie s\u0105 wykorzystywane do rejestrowania liczby u\u017cytkownik\u00f3w, kt\u00f3rzy znale\u017ali nas za po\u015brednictwem jednej z naszych reklam. Wynikaj\u0105ce z tego anonimowe statystyki pozwalaj\u0105 nam zoptymalizowa\u0107 nasze reklamy. Plik cookie jest zapisywany przez Google po klikni\u0119ciu na reklam\u0119 i mo\u017ce zosta\u0107 zablokowany przez ustawienia przegl\u0105darki. W takim przypadku Pa\u0144stwa wizyta na naszej stronie internetowej nie b\u0119dzie uwzgl\u0119dniana w anonimowych statystykach u\u017cytkownik\u00f3w. Wi\u0119cej informacji mo\u017cna znale\u017a\u0107 w statystykach strony internetowej Google.<\/p>\n<h4>2.6 Hotjar<\/h4>\n<p>U\u017cywamy Hotjar, aby lepiej zrozumie\u0107 potrzeby naszych u\u017cytkownik\u00f3w i zoptymalizowa\u0107 oferty na tej stronie internetowej. Technologia Hotjar pomaga nam lepiej zrozumie\u0107 do\u015bwiadczenia u\u017cytkownik\u00f3w (np. ile czasu u\u017cytkownicy sp\u0119dzaj\u0105 na jakich stronach, jakie linki klikaj\u0105, co im si\u0119 podoba, a czego nie lubi\u0105 itp. Hotjar u\u017cywa plik\u00f3w cookie i innych technologii do zbierania informacji o zachowaniu si\u0119 naszych u\u017cytkownik\u00f3w i ich urz\u0105dze\u0144 (w tym, ale nie wy\u0142\u0105cznie, adres IP urz\u0105dzenia (gromadzony i przechowywany tylko w formie anonimowej), rozmiar ekranu, unikalne identyfikatory urz\u0105dze\u0144, informacje o u\u017cywanej przegl\u0105darce, lokalizacja (tylko kraj), preferowany j\u0119zyk przegl\u0105dania naszej strony internetowej). Hotjar przechowuje te informacje w pseudonimowym profilu u\u017cytkownika. Informacje te nie b\u0119d\u0105 wykorzystywane przez Hotjar lub przez nas do identyfikacji indywidualnych u\u017cytkownik\u00f3w lub po\u0142\u0105czone z innymi informacjami o indywidualnych u\u017cytkownikach. Wi\u0119cej informacji mo\u017cna znale\u017a\u0107 w polityce prywatno\u015bci Hotjar tutaj.<\/p>\n<p>Mo\u017cesz zrezygnowa\u0107 z przechowywania przez Hotjar profilu u\u017cytkownika oraz informacji o Twojej wizycie na naszej stronie internetowej i stosowaniu przez Hotjar \u015bledzenia plik\u00f3w cookie na innych stronach internetowych, klikaj\u0105c ten link rezygnacji.<\/p>\n<h4>2.7 Wtyczka do Facebook<\/h4>\n<p>Ta strona korzysta z wtyczek spo\u0142eczno\u015bciowych Facebooka, kt\u00f3re s\u0105 dostarczane przez Facebook Inc. (1 Hacker Way, Menlo Park, California 94025, USA). Embedingi mo\u017cna rozpozna\u0107 po logo Facebooka lub po terminach &#8222;jak&#8221;, &#8222;jak&#8221;, &#8222;dzieli\u0107 si\u0119&#8221; w kolorach Facebooka (niebieski i bia\u0142y). Informacje na temat wszystkich wtyczek Facebooka mo\u017cna znale\u017a\u0107 w poni\u017cszym linku: https:\/\/developers.facebook.com\/docs\/plugins\/<\/p>\n<p>Wtyczka nawi\u0105zuje bezpo\u015brednie po\u0142\u0105czenie mi\u0119dzy przegl\u0105dark\u0105 a serwerami Facebooka. Operator strony internetowej nie ma \u017cadnego wp\u0142ywu na charakter i zakres danych, kt\u00f3re wtyczka przesy\u0142a na serwery Facebook Inc. Wi\u0119cej informacji mo\u017cna znale\u017a\u0107 tutaj: https:\/\/www.facebook.com\/help\/186325668085084<\/p>\n<p>Plugin informuje Facebook Inc., \u017ce odwiedzi\u0142e\u015b t\u0119 stron\u0119 internetow\u0105. Mo\u017cliwe, \u017ce Tw\u00f3j adres IP zostanie zapisany. Je\u015bli jeste\u015b zalogowany na swoje konto na Facebooku podczas wizyty na tej stronie internetowej, informacje te s\u0105 powi\u0105zane z tym kontem.<\/p>\n<p>Je\u015bli korzystasz z funkcji wtyczki &#8211; na przyk\u0142ad poprzez udost\u0119pnianie lub &#8222;\u0142\u0105czenie&#8221; postu &#8211; odpowiednie informacje s\u0105 r\u00f3wnie\u017c przesy\u0142ane do Facebook Inc.<\/p>\n<p>Czy chcia\u0142by\u015b zapobiec Facebookowi. Inc. \u0142\u0105czy te dane z Twoim kontem na Facebooku, wyloguj si\u0119 z Facebooka przed odwiedzeniem tej strony.<\/p>\n<h4>2.8 Formularz kontaktowy i adres e-mail<\/h4>\n<p>Kiedy kontaktujesz si\u0119 z nami (np. poprzez formularz kontaktowy lub e-mail), przechowujemy Twoje dane w celu przetworzenia zapytania i w przypadku pojawienia si\u0119 dalszych pyta\u0144. Przechowujemy i wykorzystujemy dane wpisane przez Pa\u0144stwa w formularzu kontaktowym, takie jak nazwisko, adres e-mail, numer telefonu, warto\u015bci diagnostyczne lub ostro\u015bci wzroku, nazwisko lekarza prowadz\u0105cego oraz informacje, kt\u00f3rych Pa\u0144stwo od nas si\u0119 nauczyli, w celu indywidualnej komunikacji z Pa\u0144stwem. Dane te nie b\u0119d\u0105 przekazywane bez Pa\u0144stwa zgody.<\/p>\n<p>Przetwarzanie wprowadzonych danych odbywa si\u0119 wy\u0142\u0105cznie na podstawie Pa\u0144stwa zgody (art. 6 ust. 1 lit. a DSGVO). Cofni\u0119cie zgody jest mo\u017cliwe w ka\u017cdej chwili. Do odwo\u0142ania wystarczy nieformalne powiadomienie poczt\u0105 elektroniczn\u0105. Legalno\u015b\u0107 operacji przetwarzania danych przeprowadzanych do czasu odwo\u0142ania pozostaje nienaruszona odwo\u0142aniem.<\/p>\n<h4>2.9 Stosowanie czcionek internetowych<\/h4>\n<p>Zewn\u0119trzne czcionki, tzw. czcionki Google Fonts, s\u0105 u\u017cywane na tej stronie internetowej. Czcionki Google to us\u0142uga Google Inc. (&#8222;Google&#8221;). Czcionki te s\u0105 zintegrowane przez po\u0142\u0105czenie z serwerem, zazwyczaj z serwerem Google w USA. Oznacza to, \u017ce serwer jest informowany o odwiedzanych stronach internetowych i zapisywany jest adres IP. Bardziej szczeg\u00f3\u0142owe informacje mo\u017cna znale\u017a\u0107 w polityce prywatno\u015bci Google, do kt\u00f3rej mo\u017cna uzyska\u0107 dost\u0119p tutaj:<\/p>\n<p><a href=\"http:\/\/www.google.com\/fonts#AboutPlace:about\">www.google.com\/fonts#AboutPlace:about<\/a><\/p>\n<p><a href=\"http:\/\/www.google.com\/policies\/privacy\/\">www.google.com\/policies\/privacy\/<\/a><\/p>\n<h4>2.10. Podstawa prawna i okres przechowywania<\/h4>\n<p>Podstaw\u0105 prawn\u0105 przetwarzania danych zgodnie z powy\u017cszymi ust\u0119pami jest art. 6 ust. 1 lit. f) DSGVO. Nasze zainteresowania w zakresie przetwarzania danych obejmuj\u0105 w szczeg\u00f3lno\u015bci zapewnienie dzia\u0142ania i bezpiecze\u0144stwa strony internetowej, badanie sposobu, w jaki odwiedzaj\u0105cy korzystaj\u0105 z tej strony internetowej oraz uproszczenie korzystania z tej strony internetowej.<\/p>\n<p>O ile nie zaznaczono inaczej, dane osobowe b\u0119d\u0105 przechowywane tylko tak d\u0142ugo, jak d\u0142ugo b\u0119dzie to konieczne do realizacji cel\u00f3w, dla kt\u00f3rych zosta\u0142y zebrane.<\/p>\n<h3>3. Bezpiecze\u0144stwo i szyfrowanie danych<\/h3>\n<p>W celu ochrony bezpiecze\u0144stwa Pa\u0144stwa danych podczas transmisji, na naszej stronie internetowej stosujemy procedur\u0119 szyfrowania. W zwi\u0105zku z tym Pa\u0144stwa dane osobowe b\u0119d\u0105 przekazywane w formie zaszyfrowanej. U\u017cywamy systemu kodowania SSL (Secure Socket Layer). Oznacza to, \u017ce dane przekazywane za po\u015brednictwem tej strony internetowej nie mog\u0105 by\u0107 odczytywane przez osoby trzecie. Takie zaszyfrowane po\u0142\u0105czenie mo\u017cna rozpozna\u0107 po linii adresowej &#8222;https:\/\/&#8221; przegl\u0105darki oraz po symbolu blokady w linii przegl\u0105darki.<\/p>\n<p>Chcieliby\u015bmy jednak r\u00f3wnie\u017c zwr\u00f3ci\u0107 uwag\u0119 na fakt, \u017ce transmisja danych przez Internet (np. przy komunikacji przez poczt\u0119 elektroniczn\u0105) mo\u017ce podlega\u0107 lukom bezpiecze\u0144stwa. Pe\u0142na ochrona danych przed dost\u0119pem os\u00f3b trzecich nie jest mo\u017cliwa.<\/p>\n<p>Aby zabezpieczy\u0107 Pa\u0144stwa dane, utrzymujemy techniczne i organizacyjne \u015brodki bezpiecze\u0144stwa, kt\u00f3re stale dostosowujemy do aktualnego stanu techniki.<\/p>\n<h3>4. Przekazywanie danych osobom trzecim<\/h3>\n<p>Zasadniczo Pa\u0144stwa dane osobowe wykorzystujemy wy\u0142\u0105cznie w ramach naszej firmy.<\/p>\n<p>Je\u017celi i w zakresie, w jakim anga\u017cujemy osoby trzecie w realizacj\u0119 um\u00f3w (np. dostawc\u00f3w us\u0142ug logistycznych), te dane osobowe otrzymujemy tylko w takim zakresie, w jakim ich przekazanie jest konieczne dla danej us\u0142ugi.<\/p>\n<p>W przypadku outsourcingu pewnych cz\u0119\u015bci przetwarzania danych (&#8222;przetwarzanie zam\u00f3wie\u0144&#8221;), zobowi\u0105zujemy umownie przetwarzaj\u0105cych zam\u00f3wienia do wykorzystywania danych osobowych wy\u0142\u0105cznie zgodnie z wymogami przepis\u00f3w o ochronie danych osobowych oraz do zagwarantowania ochrony praw os\u00f3b, kt\u00f3rych to dotyczy.<\/p>\n<h3>5. swoje prawa jako administratora danych<\/h3>\n<p>Zgodnie z obowi\u0105zuj\u0105cym prawem, u\u017cytkownik ma r\u00f3\u017cne prawa w odniesieniu do swoich danych osobowych. Je\u017celi chc\u0105 Pa\u0144stwo skorzysta\u0107 z tych praw, prosimy o przes\u0142anie wniosku poczt\u0105 elektroniczn\u0105 lub listownie, wyra\u017anie wskazuj\u0105c si\u0119, na adres podany w pkt 1.<\/p>\n<p>Poni\u017cej znajdziesz przegl\u0105d swoich praw.<\/p>\n<h4>5.1 Prawo do potwierdzenia i informacji<\/h4>\n<p>Maj\u0105 Pa\u0144stwo prawo w ka\u017cdej chwili otrzyma\u0107 od nas potwierdzenie, czy dane osobowe dotycz\u0105ce Pa\u0144stwa b\u0119d\u0105 przetwarzane. W takim przypadku maj\u0105 Pa\u0144stwo prawo do uzyskania od nas bezp\u0142atnej informacji o przechowywanych danych osobowych wraz z kopi\u0105 tych danych. Ponadto maj\u0105 Pa\u0144stwo prawo by\u0107 informowani o pochodzeniu i kategoriach zapisanych danych, celach ich przetwarzania, odbiorcach danych osobowych oraz (planowanym) okresie przechowywania. Mog\u0105 Pa\u0144stwo r\u00f3wnie\u017c poprosi\u0107 nas o informacje na temat przys\u0142uguj\u0105cych Pa\u0144stwu praw do poprawiania i usuwania danych oraz prawa do wniesienia sprzeciwu i skargi.<\/p>\n<h4>5.2 Prawo do sprostowania<\/h4>\n<p>Maj\u0105 Pa\u0144stwo prawo za\u017c\u0105da\u0107 od nas natychmiastowej korekty nieprawid\u0142owych danych osobowych dotycz\u0105cych Pa\u0144stwa. Masz prawo do \u017c\u0105dania uzupe\u0142nienia niekompletnych danych osobowych &#8211; r\u00f3wnie\u017c w drodze o\u015bwiadczenia uzupe\u0142niaj\u0105cego &#8211; z uwzgl\u0119dnieniem cel\u00f3w wniosku.<\/p>\n<h4>5.3 Prawo do odst\u0105pienia od umowy (&#8222;prawo do bycia zapomnianym&#8221;)<\/h4>\n<p>Maj\u0105 Pa\u0144stwo prawo za\u017c\u0105da\u0107 natychmiastowego usuni\u0119cia wszelkich danych osobowych i jeste\u015bmy zobowi\u0105zani do natychmiastowego usuni\u0119cia wszelkich danych osobowych, je\u017celi zachodzi kt\u00f3rakolwiek z poni\u017cszych okoliczno\u015bci:<\/p>\n<p>Dane osobowe nie s\u0105 ju\u017c potrzebne do cel\u00f3w, dla kt\u00f3rych zosta\u0142y zebrane lub przetworzone w inny spos\u00f3b.<\/p>\n<ol>\n<li>odwo\u0142uj\u0105 Pa\u0144stwo swoj\u0105 zgod\u0119, na kt\u00f3rej opiera si\u0119 przetwarzanie danych zgodnie z art. 6 ust. 1 lit. a) DSGVO lub art. 9 ust. 2 lit. a) DSGVO i nie istnieje \u017cadna inna podstawa prawna przetwarzania danych.<\/li>\n<li>sprzeciwiasz si\u0119 przetwarzaniu zgodnie z art. 21 ust. 1 rozporz\u0105dzenia w sprawie wy\u0142\u0105cze\u0144 grupowych DS i nie ma nadrz\u0119dnych uzasadnionych powod\u00f3w przetwarzania lub sprzeciwiasz si\u0119 przetwarzaniu zgodnie z art. 21 ust. 2 rozporz\u0105dzenia w sprawie wy\u0142\u0105cze\u0144 grupowych DS.<\/li>\n<li>dane osobowe zosta\u0142y przetworzone niezgodnie z prawem.<\/li>\n<li>usuni\u0119cie danych osobowych jest konieczne do wype\u0142nienia obowi\u0105zku prawnego wynikaj\u0105cego z prawa Unii lub prawa pa\u0144stw cz\u0142onkowskich, kt\u00f3rym podlegamy.<\/li>\n<li>dane osobowe zosta\u0142y zebrane w zwi\u0105zku z us\u0142ugami spo\u0142ecze\u0144stwa informacyjnego oferowanymi zgodnie z art. 8 ust. 1 DSGVO.<\/li>\n<\/ol>\n<p>Je\u017celi upublicznili\u015bmy dane osobowe i jeste\u015bmy zobowi\u0105zani do ich usuni\u0119cia zgodnie z art. 17 DSGVO, podejmujemy odpowiednie \u015brodki, w tym \u015brodki techniczne, uwzgl\u0119dniaj\u0105c dost\u0119pn\u0105 technologi\u0119 i koszty wdro\u017cenia, w celu poinformowania administrator\u00f3w danych przetwarzaj\u0105cych dane osobowe, \u017ce za\u017c\u0105dali\u015bcie Pa\u0144stwo usuni\u0119cia wszystkich link\u00f3w do tych danych osobowych lub kopii lub replikacji tych danych osobowych.<\/p>\n<h4>5.4 Prawo do ograniczenia przetwarzania danych<\/h4>\n<p>Masz prawo \u017c\u0105da\u0107, aby\u015bmy ograniczyli przetwarzanie danych, je\u015bli spe\u0142niony zostanie jeden z poni\u017cszych warunk\u00f3w:<\/p>\n<ol>\n<li>poprawno\u015b\u0107 danych osobowych jest kwestionowana przez Pa\u0144stwa przez okres czasu, kt\u00f3ry pozwala nam zweryfikowa\u0107 poprawno\u015b\u0107 danych osobowych,<\/li>\n<li>przetwarzanie jest niezgodne z prawem, a Pa\u0144stwo odm\u00f3wili usuni\u0119cia danych osobowych i zamiast tego za\u017c\u0105dali ograniczenia wykorzystania danych osobowych;<\/li>\n<li>dane osobowe nie s\u0105 nam ju\u017c potrzebne do cel\u00f3w przetwarzania, ale s\u0105 one potrzebne do dochodzenia, wykonywania lub obrony roszcze\u0144 prawnych, lub<\/li>\n<li>zg\u0142osili Pa\u0144stwo sprzeciw wobec przetwarzania danych zgodnie z art. 21 ust. 1 DSGVO, o ile nie ustalono jeszcze, czy uzasadnione przyczyny le\u017c\u0105ce po stronie naszego przedsi\u0119biorstwa przewa\u017caj\u0105 nad Pa\u0144stwa.<\/li>\n<\/ol>\n<h4>5.5 Prawo do przekazywania danych<\/h4>\n<p>Maj\u0105 Pa\u0144stwo prawo do otrzymywania danych osobowych, kt\u00f3re zosta\u0142y nam przekazane w ustrukturyzowanym, powszechnym i nadaj\u0105cym si\u0119 do odczytu maszynowego formacie i maj\u0105 Pa\u0144stwo prawo do przekazania takich danych innej odpowiedzialnej osobie bez ingerencji ze strony nas, pod warunkiem, \u017ce<\/p>\n<ol>\n<li>przetwarzanie opiera si\u0119 na zgodzie udzielonej na mocy art. 6 ust. 1 lit. a) rozporz\u0105dzenia w sprawie wy\u0142\u0105cze\u0144 grupowych DS lub art. 9 ust. 2 lit. a) rozporz\u0105dzenia w sprawie wy\u0142\u0105cze\u0144 grupowych DS lub na umowie na mocy art. 6 ust. 1 lit. b) rozporz\u0105dzenia w sprawie wy\u0142\u0105cze\u0144 grupowych DS; oraz<\/li>\n<li>przetwarzanie odbywa si\u0119 w spos\u00f3b zautomatyzowany.<\/li>\n<\/ol>\n<p>Korzystaj\u0105c z prawa do przekazywania danych zgodnie z ust. 1, maj\u0105 Pa\u0144stwo prawo do uzyskania, \u017ce dane osobowe s\u0105 przekazywane przez nas bezpo\u015brednio innej osobie odpowiedzialnej, o ile jest to technicznie wykonalne.<\/p>\n<h4>5.6 Prawo sprzeciwu<\/h4>\n<p>U\u017cytkownik ma prawo w ka\u017cdej chwili, z przyczyn zwi\u0105zanych z jego szczeg\u00f3ln\u0105 sytuacj\u0105, zg\u0142osi\u0107 sprzeciw wobec przetwarzania danych osobowych na mocy art. 6 ust. 1 lit. e) lub f) rozporz\u0105dzenia w sprawie wy\u0142\u0105cze\u0144 grupowych DS, w tym profilowania na podstawie tych przepis\u00f3w. Nie b\u0119dziemy ju\u017c przetwarza\u0107 danych osobowych, chyba \u017ce b\u0119dziemy w stanie udowodni\u0107 istotne powody przetwarzania, kt\u00f3re przewa\u017caj\u0105 nad Pa\u0144stwa interesami, prawami i wolno\u015bciami, lub te\u017c przetwarzanie s\u0142u\u017cy dochodzeniu, wykonywaniu lub obronie roszcze\u0144 prawnych.<\/p>\n<p>Je\u017celi dane osobowe s\u0105 przez nas przetwarzane w celu bezpo\u015bredniej reklamy, maj\u0105 Pa\u0144stwo prawo w ka\u017cdej chwili sprzeciwi\u0107 si\u0119 przetwarzaniu Pa\u0144stwa danych osobowych w celu takiej reklamy; dotyczy to r\u00f3wnie\u017c profilowania, o ile jest ono zwi\u0105zane z tak\u0105 bezpo\u015bredni\u0105 reklam\u0105.<\/p>\n<p>Maj\u0105 Pa\u0144stwo prawo sprzeciwi\u0107 si\u0119 przetwarzaniu dotycz\u0105cych Pa\u0144stwa danych osobowych do cel\u00f3w naukowych, historycznych lub statystycznych zgodnie z art. 89 ust. 1 DSGVO z powod\u00f3w wynikaj\u0105cych z Pa\u0144stwa szczeg\u00f3lnej sytuacji, chyba \u017ce przetwarzanie to jest konieczne do wykonania zadania w interesie publicznym.<\/p>\n<h4>5.7 Prawo do cofni\u0119cia zgody zgodnie z prawem o ochronie danych osobowych<\/h4>\n<p>Masz prawo w ka\u017cdej chwili odwo\u0142a\u0107 swoj\u0105 zgod\u0119 na przetwarzanie danych osobowych.<\/p>\n<h4>5.8 Prawo do z\u0142o\u017cenia skargi do organu nadzorczego<\/h4>\n<p>Masz prawo do z\u0142o\u017cenia skargi do organu nadzorczego, w szczeg\u00f3lno\u015bci w pa\u0144stwie cz\u0142onkowskim, w kt\u00f3rym przebywasz, w miejscu pracy lub w miejscu, w kt\u00f3rym zarzuca si\u0119 naruszenie, je\u017celi uwa\u017casz, \u017ce przetwarzanie Twoich danych osobowych jest niezgodne z prawem.<\/p>\n<h3>6. Zmiany w o\u015bwiadczeniu o ochronie prywatno\u015bci<\/h3>\n<p>Wszystkie informacje zawarte na naszej stronie internetowej zosta\u0142y sprawdzone z wielk\u0105 staranno\u015bci\u0105.<\/p>\n<p>Je\u015bli nast\u0105pi\u0105 jakiekolwiek istotne zmiany zwi\u0105zane z gromadzeniem, przetwarzaniem i wykorzystywaniem danych osobowych, zaktualizujemy niniejsze o\u015bwiadczenie o ochronie prywatno\u015bci. W zwi\u0105zku z tym powinni Pa\u0144stwo regularnie odwiedza\u0107 t\u0119 stron\u0119 internetow\u0105 w celu uzyskania informacji na temat aktualnego statusu o\u015bwiadczenia o ochronie danych osobowych.<\/p>\n<p>Obecny status to 01 stycznia 2019 roku.<\/p>\n<h3>7. Dalsze informacje i kontakty<\/h3>\n<p>W razie dalszych pyta\u0144 lub w\u0105tpliwo\u015bci dotycz\u0105cych ochrony danych osobowych prosimy o przes\u0142anie do nas wiadomo\u015bci e-mail lub bezpo\u015bredni kontakt z osob\u0105 odpowiedzialn\u0105 za ochron\u0119 danych osobowych:<\/p>\n<p>Caterna Vision GmbH<br \/>\nDavid Gilly Stra\u00dfe 1<br \/>\n14469 Poczdam<\/p>\n<p>Telefon: +49 (331) 86 75 08-88<br \/>\nE-mail: kontakt@caterna.de<\/p>\n<\/div><div class=\"fusion-clearfix\"><\/div><\/div><\/div><\/div><\/div><\/p>\n","protected":false},"excerpt":{"rendered":"","protected":false},"author":9,"featured_media":0,"parent":0,"menu_order":13,"comment_status":"closed","ping_status":"closed","template":"","meta":{"footnotes":""},"class_list":["post-20495","page","type-page","status-publish","hentry"],"yoast_head":"<!-- This site is optimized with the Yoast SEO plugin v27.4 - https:\/\/yoast.com\/product\/yoast-seo-wordpress\/ -->\n<title>Polityka Prywatno\u015bci - Caterna Vision<\/title>\n<meta name=\"robots\" content=\"index, follow, max-snippet:-1, max-image-preview:large, max-video-preview:-1\" \/>\n<link rel=\"canonical\" href=\"https:\/\/caterna.de\/pl\/polityka-prywatnosci\/\" \/>\n<meta property=\"og:locale\" content=\"pl_PL\" \/>\n<meta property=\"og:type\" content=\"article\" \/>\n<meta property=\"og:title\" content=\"Polityka Prywatno\u015bci - Caterna Vision\" \/>\n<meta property=\"og:url\" content=\"https:\/\/caterna.de\/pl\/polityka-prywatnosci\/\" \/>\n<meta property=\"og:site_name\" content=\"Caterna Vision\" \/>\n<meta property=\"article:publisher\" content=\"https:\/\/www.facebook.com\/Caterna.Vision\/\" \/>\n<meta property=\"article:modified_time\" content=\"2019-05-16T08:43:47+00:00\" \/>\n<meta name=\"twitter:card\" content=\"summary_large_image\" \/>\n<meta name=\"twitter:site\" content=\"@caternavision\" \/>\n<meta name=\"twitter:label1\" content=\"Szacowany czas czytania\" \/>\n\t<meta name=\"twitter:data1\" content=\"20 minut\" \/>\n<script type=\"application\/ld+json\" class=\"yoast-schema-graph\">{\"@context\":\"https:\\\/\\\/schema.org\",\"@graph\":[{\"@type\":\"WebPage\",\"@id\":\"https:\\\/\\\/caterna.de\\\/pl\\\/polityka-prywatnosci\\\/\",\"url\":\"https:\\\/\\\/caterna.de\\\/pl\\\/polityka-prywatnosci\\\/\",\"name\":\"Polityka Prywatno\u015bci - Caterna Vision\",\"isPartOf\":{\"@id\":\"https:\\\/\\\/caterna.de\\\/#website\"},\"datePublished\":\"2019-05-16T08:43:46+00:00\",\"dateModified\":\"2019-05-16T08:43:47+00:00\",\"breadcrumb\":{\"@id\":\"https:\\\/\\\/caterna.de\\\/pl\\\/polityka-prywatnosci\\\/#breadcrumb\"},\"inLanguage\":\"pl-PL\",\"potentialAction\":[{\"@type\":\"ReadAction\",\"target\":[\"https:\\\/\\\/caterna.de\\\/pl\\\/polityka-prywatnosci\\\/\"]}]},{\"@type\":\"BreadcrumbList\",\"@id\":\"https:\\\/\\\/caterna.de\\\/pl\\\/polityka-prywatnosci\\\/#breadcrumb\",\"itemListElement\":[{\"@type\":\"ListItem\",\"position\":1,\"name\":\"Home\",\"item\":\"https:\\\/\\\/caterna.de\\\/pl\\\/\"},{\"@type\":\"ListItem\",\"position\":2,\"name\":\"Polityka Prywatno\u015bci\"}]},{\"@type\":\"WebSite\",\"@id\":\"https:\\\/\\\/caterna.de\\\/#website\",\"url\":\"https:\\\/\\\/caterna.de\\\/\",\"name\":\"Caterna Vision\",\"description\":\"Die Online-Therapie f\u00fcr Amblyopie\",\"publisher\":{\"@id\":\"https:\\\/\\\/caterna.de\\\/#organization\"},\"potentialAction\":[{\"@type\":\"SearchAction\",\"target\":{\"@type\":\"EntryPoint\",\"urlTemplate\":\"https:\\\/\\\/caterna.de\\\/?s={search_term_string}\"},\"query-input\":{\"@type\":\"PropertyValueSpecification\",\"valueRequired\":true,\"valueName\":\"search_term_string\"}}],\"inLanguage\":\"pl-PL\"},{\"@type\":\"Organization\",\"@id\":\"https:\\\/\\\/caterna.de\\\/#organization\",\"name\":\"Caterna Vision\",\"url\":\"https:\\\/\\\/caterna.de\\\/\",\"logo\":{\"@type\":\"ImageObject\",\"inLanguage\":\"pl-PL\",\"@id\":\"https:\\\/\\\/caterna.de\\\/#\\\/schema\\\/logo\\\/image\\\/\",\"url\":\"https:\\\/\\\/caterna.de\\\/wp-content\\\/uploads\\\/2019\\\/02\\\/caterna_favicon.png\",\"contentUrl\":\"https:\\\/\\\/caterna.de\\\/wp-content\\\/uploads\\\/2019\\\/02\\\/caterna_favicon.png\",\"width\":50,\"height\":45,\"caption\":\"Caterna Vision\"},\"image\":{\"@id\":\"https:\\\/\\\/caterna.de\\\/#\\\/schema\\\/logo\\\/image\\\/\"},\"sameAs\":[\"https:\\\/\\\/www.facebook.com\\\/Caterna.Vision\\\/\",\"https:\\\/\\\/x.com\\\/caternavision\"]}]}<\/script>\n<!-- \/ Yoast SEO plugin. -->","yoast_head_json":{"title":"Polityka Prywatno\u015bci - Caterna Vision","robots":{"index":"index","follow":"follow","max-snippet":"max-snippet:-1","max-image-preview":"max-image-preview:large","max-video-preview":"max-video-preview:-1"},"canonical":"https:\/\/caterna.de\/pl\/polityka-prywatnosci\/","og_locale":"pl_PL","og_type":"article","og_title":"Polityka Prywatno\u015bci - Caterna Vision","og_url":"https:\/\/caterna.de\/pl\/polityka-prywatnosci\/","og_site_name":"Caterna Vision","article_publisher":"https:\/\/www.facebook.com\/Caterna.Vision\/","article_modified_time":"2019-05-16T08:43:47+00:00","twitter_card":"summary_large_image","twitter_site":"@caternavision","twitter_misc":{"Szacowany czas czytania":"20 minut"},"schema":{"@context":"https:\/\/schema.org","@graph":[{"@type":"WebPage","@id":"https:\/\/caterna.de\/pl\/polityka-prywatnosci\/","url":"https:\/\/caterna.de\/pl\/polityka-prywatnosci\/","name":"Polityka Prywatno\u015bci - Caterna Vision","isPartOf":{"@id":"https:\/\/caterna.de\/#website"},"datePublished":"2019-05-16T08:43:46+00:00","dateModified":"2019-05-16T08:43:47+00:00","breadcrumb":{"@id":"https:\/\/caterna.de\/pl\/polityka-prywatnosci\/#breadcrumb"},"inLanguage":"pl-PL","potentialAction":[{"@type":"ReadAction","target":["https:\/\/caterna.de\/pl\/polityka-prywatnosci\/"]}]},{"@type":"BreadcrumbList","@id":"https:\/\/caterna.de\/pl\/polityka-prywatnosci\/#breadcrumb","itemListElement":[{"@type":"ListItem","position":1,"name":"Home","item":"https:\/\/caterna.de\/pl\/"},{"@type":"ListItem","position":2,"name":"Polityka Prywatno\u015bci"}]},{"@type":"WebSite","@id":"https:\/\/caterna.de\/#website","url":"https:\/\/caterna.de\/","name":"Caterna Vision","description":"Die Online-Therapie f\u00fcr Amblyopie","publisher":{"@id":"https:\/\/caterna.de\/#organization"},"potentialAction":[{"@type":"SearchAction","target":{"@type":"EntryPoint","urlTemplate":"https:\/\/caterna.de\/?s={search_term_string}"},"query-input":{"@type":"PropertyValueSpecification","valueRequired":true,"valueName":"search_term_string"}}],"inLanguage":"pl-PL"},{"@type":"Organization","@id":"https:\/\/caterna.de\/#organization","name":"Caterna Vision","url":"https:\/\/caterna.de\/","logo":{"@type":"ImageObject","inLanguage":"pl-PL","@id":"https:\/\/caterna.de\/#\/schema\/logo\/image\/","url":"https:\/\/caterna.de\/wp-content\/uploads\/2019\/02\/caterna_favicon.png","contentUrl":"https:\/\/caterna.de\/wp-content\/uploads\/2019\/02\/caterna_favicon.png","width":50,"height":45,"caption":"Caterna Vision"},"image":{"@id":"https:\/\/caterna.de\/#\/schema\/logo\/image\/"},"sameAs":["https:\/\/www.facebook.com\/Caterna.Vision\/","https:\/\/x.com\/caternavision"]}]}},"_links":{"self":[{"href":"https:\/\/caterna.de\/pl\/wp-json\/wp\/v2\/pages\/20495","targetHints":{"allow":["GET"]}}],"collection":[{"href":"https:\/\/caterna.de\/pl\/wp-json\/wp\/v2\/pages"}],"about":[{"href":"https:\/\/caterna.de\/pl\/wp-json\/wp\/v2\/types\/page"}],"author":[{"embeddable":true,"href":"https:\/\/caterna.de\/pl\/wp-json\/wp\/v2\/users\/9"}],"replies":[{"embeddable":true,"href":"https:\/\/caterna.de\/pl\/wp-json\/wp\/v2\/comments?post=20495"}],"version-history":[{"count":1,"href":"https:\/\/caterna.de\/pl\/wp-json\/wp\/v2\/pages\/20495\/revisions"}],"predecessor-version":[{"id":20496,"href":"https:\/\/caterna.de\/pl\/wp-json\/wp\/v2\/pages\/20495\/revisions\/20496"}],"wp:attachment":[{"href":"https:\/\/caterna.de\/pl\/wp-json\/wp\/v2\/media?parent=20495"}],"curies":[{"name":"wp","href":"https:\/\/api.w.org\/{rel}","templated":true}]}}